{"id":2240,"date":"2016-09-09T22:54:14","date_gmt":"2016-09-09T19:54:14","guid":{"rendered":"http:\/\/www.9sac.com\/wp-content\/uploads\/2016\/09\/balkabagi-sac-rengi-modeli.jpg"},"modified":"2016-09-09T23:12:52","modified_gmt":"2016-09-09T20:12:52","slug":"balkabagi-sac-rengi-modeli","status":"inherit","type":"attachment","link":"https:\/\/www.9sac.com\/en\/balkabagi-sac-rengi-kimlere-yakisir\/balkabagi-sac-rengi-modeli\/","title":{"rendered":"Balkaba\u011f\u0131 Sa\u00e7 Rengi Modeli"},"author":1,"comment_status":"open","ping_status":"closed","template":"","meta":[],"description":{"rendered":"<p class=\"attachment\"><a href='https:\/\/www.9sac.com\/wp-content\/uploads\/2016\/09\/balkabagi-sac-rengi-modeli.jpg'><img decoding=\"async\" width=\"300\" height=\"279\" src=\"https:\/\/www.9sac.com\/wp-content\/uploads\/2016\/09\/balkabagi-sac-rengi-modeli-300x279.jpg\" class=\"attachment-medium size-medium\" alt=\"Balkaba\u011f\u0131 Sa\u00e7 Rengi Modeli\" srcset=\"https:\/\/www.9sac.com\/wp-content\/uploads\/2016\/09\/balkabagi-sac-rengi-modeli-300x279.jpg 300w, https:\/\/www.9sac.com\/wp-content\/uploads\/2016\/09\/balkabagi-sac-rengi-modeli.jpg 496w\" sizes=\"(max-width: 300px) 100vw, 300px\" title=\"\"><\/a><\/p>\n<p>Balkaba\u011f\u0131 sa\u00e7 rengini deneyenlerin en \u00e7ok kar\u015f\u0131la\u015ft\u0131\u011f\u0131 sorun ise makyajd\u0131r. Balkaba\u011f\u0131 sa\u00e7 rengini nas\u0131l hangi tonlarda makyaj rengi ile birlikte kullan\u0131r\u0131m diye merak ediyorsan\u0131z cevap \u00e7ok a\u00e7\u0131k ve net. Balkaba\u011f\u0131 sa\u00e7 rengi turuncu ve soluk bir renk olmas\u0131ndan \u00f6t\u00fcr\u00fc toprak gibi kahve tonlar\u0131 veya kendi tonuna  yak\u0131n renkler kullan\u0131lmal\u0131d\u0131r.<\/p>\n"},"caption":{"rendered":"<p>Balkaba\u011f\u0131 sa\u00e7 rengini deneyenlerin en \u00e7ok kar\u015f\u0131la\u015ft\u0131\u011f\u0131 sorun ise makyajd\u0131r. Balkaba\u011f\u0131 sa\u00e7 rengini nas\u0131l hangi tonlarda makyaj rengi ile birlikte kullan\u0131r\u0131m diye merak ediyorsan\u0131z cevap \u00e7ok a\u00e7\u0131k ve net. Balkaba\u011f\u0131 sa\u00e7 rengi turuncu ve soluk bir renk olmas\u0131ndan \u00f6t\u00fcr\u00fc toprak gibi kahve tonlar\u0131 veya kendi tonuna  yak\u0131n renkler kullan\u0131lmal\u0131d\u0131r.<\/p>\n"},"alt_text":"Balkaba\u011f\u0131 Sa\u00e7 Rengi Modeli","media_type":"image","mime_type":"image\/jpeg","media_details":{"width":496,"height":462,"file":"2016\/09\/balkabagi-sac-rengi-modeli.jpg","sizes":{"thumbnail":{"file":"balkabagi-sac-rengi-modeli-150x150.jpg","width":150,"height":150,"filesize":6070,"mime_type":"image\/jpeg","source_url":"https:\/\/www.9sac.com\/wp-content\/uploads\/2016\/09\/balkabagi-sac-rengi-modeli-150x150.jpg"},"medium":{"file":"balkabagi-sac-rengi-modeli-300x279.jpg","width":300,"height":279,"filesize":15167,"mime_type":"image\/jpeg","source_url":"https:\/\/www.9sac.com\/wp-content\/uploads\/2016\/09\/balkabagi-sac-rengi-modeli-300x279.jpg"},"full":{"file":"balkabagi-sac-rengi-modeli.jpg","width":496,"height":462,"mime_type":"image\/jpeg","source_url":"https:\/\/www.9sac.com\/wp-content\/uploads\/2016\/09\/balkabagi-sac-rengi-modeli.jpg"}},"image_meta":{"aperture":"0","credit":"","camera":"","caption":"","created_timestamp":"0","copyright":"","focal_length":"0","iso":"0","shutter_speed":"0","title":"","orientation":"0","keywords":[]},"filesize":39617},"post":2230,"source_url":"https:\/\/www.9sac.com\/wp-content\/uploads\/2016\/09\/balkabagi-sac-rengi-modeli.jpg","_links":{"self":[{"href":"https:\/\/www.9sac.com\/en\/wp-json\/wp\/v2\/media\/2240"}],"collection":[{"href":"https:\/\/www.9sac.com\/en\/wp-json\/wp\/v2\/media"}],"about":[{"href":"https:\/\/www.9sac.com\/en\/wp-json\/wp\/v2\/types\/attachment"}],"author":[{"embeddable":true,"href":"https:\/\/www.9sac.com\/en\/wp-json\/wp\/v2\/users\/1"}],"replies":[{"embeddable":true,"href":"https:\/\/www.9sac.com\/en\/wp-json\/wp\/v2\/comments?post=2240"}]}}