{"id":2266,"date":"2016-09-14T00:41:48","date_gmt":"2016-09-13T21:41:48","guid":{"rendered":"http:\/\/www.9sac.com\/wp-content\/uploads\/2016\/09\/bebek-sarisi-sac-rengi.jpg"},"modified":"2016-09-14T00:45:29","modified_gmt":"2016-09-13T21:45:29","slug":"bebek-sarisi-sac-rengi","status":"inherit","type":"attachment","link":"https:\/\/www.9sac.com\/en\/bebek-sarisi-sac-rengi-ve-makyaj-uygulamasi\/bebek-sarisi-sac-rengi\/","title":{"rendered":"Bebek Sar\u0131s\u0131 Sa\u00e7 Rengi"},"author":1,"comment_status":"open","ping_status":"closed","template":"","meta":[],"description":{"rendered":"<p class=\"attachment\"><a href='https:\/\/www.9sac.com\/wp-content\/uploads\/2016\/09\/bebek-sarisi-sac-rengi.jpg'><img decoding=\"async\" width=\"213\" height=\"300\" src=\"https:\/\/www.9sac.com\/wp-content\/uploads\/2016\/09\/bebek-sarisi-sac-rengi-213x300.jpg\" class=\"attachment-medium size-medium\" alt=\"Bebek Sar\u0131s\u0131 Sa\u00e7 Rengi\" srcset=\"https:\/\/www.9sac.com\/wp-content\/uploads\/2016\/09\/bebek-sarisi-sac-rengi-213x300.jpg 213w, https:\/\/www.9sac.com\/wp-content\/uploads\/2016\/09\/bebek-sarisi-sac-rengi.jpg 319w\" sizes=\"(max-width: 213px) 100vw, 213px\" \/><\/a><\/p>\n<p>Sizde do\u011fall\u0131\u011f\u0131 sevenlerdenseniz \u015fayet bebek sar\u0131s\u0131 sa\u00e7 rengi tam size g\u00f6re. Tabi ki sar\u0131 sa\u00e7 tonundan ho\u015flananlardansan\u0131z. \u00d6zellikle yaz aylar\u0131nda ya da tatil beldesinde \u00e7ok rahat kullanabilece\u011finiz bir sa\u00e7 rengi. Hafif g\u00fczel sade tonlarda bir makyaj \u0131slak makyaj\u0131 da tercih edebilirsiniz. Yanaklara uygulayaca\u011f\u0131n\u0131z hafif bir all\u0131kla harika bir g\u00f6r\u00fcn\u00fcm elde edeceksinizdir.<\/p>\n"},"caption":{"rendered":"<p>Sizde do\u011fall\u0131\u011f\u0131 sevenlerdenseniz \u015fayet bebek sar\u0131s\u0131 sa\u00e7 rengi tam size g\u00f6re. Tabi ki sar\u0131 sa\u00e7 tonundan ho\u015flananlardansan\u0131z. \u00d6zellikle yaz aylar\u0131nda ya da tatil beldesinde \u00e7ok rahat kullanabilece\u011finiz bir sa\u00e7 rengi. Hafif g\u00fczel sade tonlarda bir makyaj \u0131slak makyaj\u0131 da tercih edebilirsiniz. Yanaklara uygulayaca\u011f\u0131n\u0131z hafif bir all\u0131kla harika bir g\u00f6r\u00fcn\u00fcm elde edeceksinizdir.<\/p>\n"},"alt_text":"Bebek Sar\u0131s\u0131 Sa\u00e7 Rengi","media_type":"image","mime_type":"image\/jpeg","media_details":{"width":319,"height":449,"file":"2016\/09\/bebek-sarisi-sac-rengi.jpg","sizes":{"thumbnail":{"file":"bebek-sarisi-sac-rengi-150x150.jpg","width":150,"height":150,"filesize":5953,"mime_type":"image\/jpeg","source_url":"https:\/\/www.9sac.com\/wp-content\/uploads\/2016\/09\/bebek-sarisi-sac-rengi-150x150.jpg"},"medium":{"file":"bebek-sarisi-sac-rengi-213x300.jpg","width":213,"height":300,"filesize":12266,"mime_type":"image\/jpeg","source_url":"https:\/\/www.9sac.com\/wp-content\/uploads\/2016\/09\/bebek-sarisi-sac-rengi-213x300.jpg"},"full":{"file":"bebek-sarisi-sac-rengi.jpg","width":319,"height":449,"mime_type":"image\/jpeg","source_url":"https:\/\/www.9sac.com\/wp-content\/uploads\/2016\/09\/bebek-sarisi-sac-rengi.jpg"}},"image_meta":{"aperture":"0","credit":"","camera":"","caption":"","created_timestamp":"0","copyright":"","focal_length":"0","iso":"0","shutter_speed":"0","title":"","orientation":"0","keywords":[]},"filesize":28639},"post":2260,"source_url":"https:\/\/www.9sac.com\/wp-content\/uploads\/2016\/09\/bebek-sarisi-sac-rengi.jpg","_links":{"self":[{"href":"https:\/\/www.9sac.com\/en\/wp-json\/wp\/v2\/media\/2266"}],"collection":[{"href":"https:\/\/www.9sac.com\/en\/wp-json\/wp\/v2\/media"}],"about":[{"href":"https:\/\/www.9sac.com\/en\/wp-json\/wp\/v2\/types\/attachment"}],"author":[{"embeddable":true,"href":"https:\/\/www.9sac.com\/en\/wp-json\/wp\/v2\/users\/1"}],"replies":[{"embeddable":true,"href":"https:\/\/www.9sac.com\/en\/wp-json\/wp\/v2\/comments?post=2266"}]}}