{"id":780,"date":"2016-05-06T21:28:49","date_gmt":"2016-05-06T18:28:49","guid":{"rendered":"http:\/\/www.9sac.com\/wp-content\/uploads\/2016\/05\/2-bohem-sari-pembe-sac-rengi-modelleri.jpg"},"modified":"2016-05-06T21:40:07","modified_gmt":"2016-05-06T18:40:07","slug":"2-bohem-sari-pembe-sac-rengi-modelleri","status":"inherit","type":"attachment","link":"https:\/\/www.9sac.com\/en\/bohem-sac-modelleri-2016\/2-bohem-sari-pembe-sac-rengi-modelleri\/","title":{"rendered":"Bohem Sar\u0131 Pembe Sa\u00e7 Rengi Modelleri"},"author":1,"comment_status":"open","ping_status":"closed","template":"","meta":[],"description":{"rendered":"<p class=\"attachment\"><a href='https:\/\/www.9sac.com\/wp-content\/uploads\/2016\/05\/2-bohem-sari-pembe-sac-rengi-modelleri.jpg'><img decoding=\"async\" width=\"175\" height=\"300\" src=\"https:\/\/www.9sac.com\/wp-content\/uploads\/2016\/05\/2-bohem-sari-pembe-sac-rengi-modelleri-175x300.jpg\" class=\"attachment-medium size-medium\" alt=\"Bohem Sar\u0131 Pembe Sa\u00e7 Rengi Modelleri\" srcset=\"https:\/\/www.9sac.com\/wp-content\/uploads\/2016\/05\/2-bohem-sari-pembe-sac-rengi-modelleri-175x300.jpg 175w, https:\/\/www.9sac.com\/wp-content\/uploads\/2016\/05\/2-bohem-sari-pembe-sac-rengi-modelleri.jpg 598w\" sizes=\"(max-width: 175px) 100vw, 175px\" \/><\/a><\/p>\n<p>Bu foto\u011frafta 02016 y\u0131l\u0131n\u0131n han\u0131mlar taraf\u0131ndan s\u0131k s\u0131k se\u00e7ilen bir model olan bir ba\u015fka bohem sa\u00e7 stili ise bu resimdeki gibi da\u011f\u0131n\u0131k topuz sa\u00e7 yapaca\u011f\u0131z. Yaz aylar\u0131n\u0131n g\u00fcne\u015finde bu resimdeki kad\u0131n gibi sa\u00e7lar\u0131n\u0131z p\u0131r\u0131l p\u0131r\u0131l  ve g\u00fczel g\u00f6r\u00fcnecektir.  Bu sa\u00e7 modelini \u00f6zellikle sa\u00e7lar\u0131n\u0131z\u0131n kirli oldu\u011fu zamanlarda denemelisiniz.<\/p>\n"},"caption":{"rendered":"<p>Bu foto\u011frafta 02016 y\u0131l\u0131n\u0131n han\u0131mlar taraf\u0131ndan s\u0131k s\u0131k se\u00e7ilen bir model olan bir ba\u015fka bohem sa\u00e7 stili ise bu resimdeki gibi da\u011f\u0131n\u0131k topuz sa\u00e7 yapaca\u011f\u0131z. Yaz aylar\u0131n\u0131n g\u00fcne\u015finde bu resimdeki kad\u0131n gibi sa\u00e7lar\u0131n\u0131z p\u0131r\u0131l p\u0131r\u0131l  ve g\u00fczel g\u00f6r\u00fcnecektir.  Bu sa\u00e7 modelini \u00f6zellikle sa\u00e7lar\u0131n\u0131z\u0131n kirli oldu\u011fu zamanlarda denemelisiniz.<\/p>\n"},"alt_text":"Bohem Sar\u0131 Pembe Sa\u00e7 Rengi Modelleri","media_type":"image","mime_type":"image\/jpeg","media_details":{"width":598,"height":1024,"file":"2016\/05\/2-bohem-sari-pembe-sac-rengi-modelleri.jpg","sizes":{"thumbnail":{"file":"2-bohem-sari-pembe-sac-rengi-modelleri-150x150.jpg","width":150,"height":150,"filesize":6894,"mime_type":"image\/jpeg","source_url":"https:\/\/www.9sac.com\/wp-content\/uploads\/2016\/05\/2-bohem-sari-pembe-sac-rengi-modelleri-150x150.jpg"},"medium":{"file":"2-bohem-sari-pembe-sac-rengi-modelleri-175x300.jpg","width":175,"height":300,"filesize":14183,"mime_type":"image\/jpeg","source_url":"https:\/\/www.9sac.com\/wp-content\/uploads\/2016\/05\/2-bohem-sari-pembe-sac-rengi-modelleri-175x300.jpg"},"large":{"file":"2-bohem-sari-pembe-sac-rengi-modelleri-598x1024.jpg","width":598,"height":1024,"filesize":97471,"mime_type":"image\/jpeg","source_url":"https:\/\/www.9sac.com\/wp-content\/uploads\/2016\/05\/2-bohem-sari-pembe-sac-rengi-modelleri-598x1024.jpg"},"full":{"file":"2-bohem-sari-pembe-sac-rengi-modelleri.jpg","width":598,"height":1024,"mime_type":"image\/jpeg","source_url":"https:\/\/www.9sac.com\/wp-content\/uploads\/2016\/05\/2-bohem-sari-pembe-sac-rengi-modelleri.jpg"}},"image_meta":{"aperture":"0","credit":"","camera":"","caption":"","created_timestamp":"0","copyright":"","focal_length":"0","iso":"0","shutter_speed":"0","title":"","orientation":"0","keywords":[]},"filesize":117287},"post":777,"source_url":"https:\/\/www.9sac.com\/wp-content\/uploads\/2016\/05\/2-bohem-sari-pembe-sac-rengi-modelleri.jpg","_links":{"self":[{"href":"https:\/\/www.9sac.com\/en\/wp-json\/wp\/v2\/media\/780"}],"collection":[{"href":"https:\/\/www.9sac.com\/en\/wp-json\/wp\/v2\/media"}],"about":[{"href":"https:\/\/www.9sac.com\/en\/wp-json\/wp\/v2\/types\/attachment"}],"author":[{"embeddable":true,"href":"https:\/\/www.9sac.com\/en\/wp-json\/wp\/v2\/users\/1"}],"replies":[{"embeddable":true,"href":"https:\/\/www.9sac.com\/en\/wp-json\/wp\/v2\/comments?post=780"}]}}