{"id":781,"date":"2016-05-06T21:28:50","date_gmt":"2016-05-06T18:28:50","guid":{"rendered":"http:\/\/www.9sac.com\/wp-content\/uploads\/2016\/05\/3-saclarda-iki-farkli-renk-tonu-bohem-stili.jpg"},"modified":"2016-05-06T21:42:21","modified_gmt":"2016-05-06T18:42:21","slug":"3-saclarda-iki-farkli-renk-tonu-bohem-stili","status":"inherit","type":"attachment","link":"https:\/\/www.9sac.com\/en\/bohem-sac-modelleri-2016\/3-saclarda-iki-farkli-renk-tonu-bohem-stili\/","title":{"rendered":"Sa\u00e7larda \u0130ki Farkl\u0131 Renk Tonu Bohem Stili"},"author":1,"comment_status":"open","ping_status":"closed","template":"","meta":[],"description":{"rendered":"<p class=\"attachment\"><a href='https:\/\/www.9sac.com\/wp-content\/uploads\/2016\/05\/3-saclarda-iki-farkli-renk-tonu-bohem-stili.jpg'><img decoding=\"async\" width=\"171\" height=\"300\" src=\"https:\/\/www.9sac.com\/wp-content\/uploads\/2016\/05\/3-saclarda-iki-farkli-renk-tonu-bohem-stili-171x300.jpg\" class=\"attachment-medium size-medium\" alt=\"Sa\u00e7larda \u0130ki Farkl\u0131 Renk Tonu Bohem Stili\" srcset=\"https:\/\/www.9sac.com\/wp-content\/uploads\/2016\/05\/3-saclarda-iki-farkli-renk-tonu-bohem-stili-171x300.jpg 171w, https:\/\/www.9sac.com\/wp-content\/uploads\/2016\/05\/3-saclarda-iki-farkli-renk-tonu-bohem-stili.jpg 585w\" sizes=\"(max-width: 171px) 100vw, 171px\" \/><\/a><\/p>\n<p>Bu sene bohem sa\u00e7 stilini daha \u00e7ok sa\u00e7lar\u0131n\u0131zda iki de\u011fi\u015fik sa\u00e7 rengi tonu \u015feklinde g\u00f6rece\u011fiz. Sizde bu sa\u00e7 modelini yapmak ve bohem stilini bir ya\u015fam tarz\u0131 haline getirmek i\u00e7in iki farkl\u0131 g\u00fczel sa\u00e7 rengi tonunu birbirine uydurarak bu ak\u0131ma kap\u0131labilirsiniz. Fakat se\u00e7ece\u011finiz bu iki sa\u00e7 renginin uyumu \u00f6nemlidir. Pemve ve sar\u0131 sa\u00e7 renginin uyumu g\u00f6z kama\u015ft\u0131r\u0131yor.<\/p>\n"},"caption":{"rendered":"<p>Bu sene bohem sa\u00e7 stilini daha \u00e7ok sa\u00e7lar\u0131n\u0131zda iki de\u011fi\u015fik sa\u00e7 rengi tonu \u015feklinde g\u00f6rece\u011fiz. Sizde bu sa\u00e7 modelini yapmak ve bohem stilini bir ya\u015fam tarz\u0131 haline getirmek i\u00e7in iki farkl\u0131 g\u00fczel sa\u00e7 rengi tonunu birbirine uydurarak bu ak\u0131ma kap\u0131labilirsiniz. Fakat se\u00e7ece\u011finiz bu iki sa\u00e7 renginin uyumu \u00f6nemlidir. Pemve ve sar\u0131 sa\u00e7 renginin uyumu g\u00f6z kama\u015ft\u0131r\u0131yor.<\/p>\n"},"alt_text":"Sa\u00e7larda \u0130ki Farkl\u0131 Renk Tonu Bohem Stili","media_type":"image","mime_type":"image\/jpeg","media_details":{"width":585,"height":1024,"file":"2016\/05\/3-saclarda-iki-farkli-renk-tonu-bohem-stili.jpg","sizes":{"thumbnail":{"file":"3-saclarda-iki-farkli-renk-tonu-bohem-stili-150x150.jpg","width":150,"height":150,"filesize":7490,"mime_type":"image\/jpeg","source_url":"https:\/\/www.9sac.com\/wp-content\/uploads\/2016\/05\/3-saclarda-iki-farkli-renk-tonu-bohem-stili-150x150.jpg"},"medium":{"file":"3-saclarda-iki-farkli-renk-tonu-bohem-stili-171x300.jpg","width":171,"height":300,"filesize":15298,"mime_type":"image\/jpeg","source_url":"https:\/\/www.9sac.com\/wp-content\/uploads\/2016\/05\/3-saclarda-iki-farkli-renk-tonu-bohem-stili-171x300.jpg"},"large":{"file":"3-saclarda-iki-farkli-renk-tonu-bohem-stili-585x1024.jpg","width":585,"height":1024,"filesize":109512,"mime_type":"image\/jpeg","source_url":"https:\/\/www.9sac.com\/wp-content\/uploads\/2016\/05\/3-saclarda-iki-farkli-renk-tonu-bohem-stili-585x1024.jpg"},"full":{"file":"3-saclarda-iki-farkli-renk-tonu-bohem-stili.jpg","width":585,"height":1024,"mime_type":"image\/jpeg","source_url":"https:\/\/www.9sac.com\/wp-content\/uploads\/2016\/05\/3-saclarda-iki-farkli-renk-tonu-bohem-stili.jpg"}},"image_meta":{"aperture":"0","credit":"","camera":"","caption":"","created_timestamp":"0","copyright":"","focal_length":"0","iso":"0","shutter_speed":"0","title":"","orientation":"0","keywords":[]},"filesize":131111},"post":777,"source_url":"https:\/\/www.9sac.com\/wp-content\/uploads\/2016\/05\/3-saclarda-iki-farkli-renk-tonu-bohem-stili.jpg","_links":{"self":[{"href":"https:\/\/www.9sac.com\/en\/wp-json\/wp\/v2\/media\/781"}],"collection":[{"href":"https:\/\/www.9sac.com\/en\/wp-json\/wp\/v2\/media"}],"about":[{"href":"https:\/\/www.9sac.com\/en\/wp-json\/wp\/v2\/types\/attachment"}],"author":[{"embeddable":true,"href":"https:\/\/www.9sac.com\/en\/wp-json\/wp\/v2\/users\/1"}],"replies":[{"embeddable":true,"href":"https:\/\/www.9sac.com\/en\/wp-json\/wp\/v2\/comments?post=781"}]}}