{"id":1058,"date":"2016-06-24T01:41:22","date_gmt":"2016-06-23T22:41:22","guid":{"rendered":"http:\/\/www.9sac.com\/wp-content\/uploads\/2016\/06\/ince-telli-sac-bakimi.png"},"modified":"2016-09-04T01:40:38","modified_gmt":"2016-09-03T22:40:38","slug":"ince-telli-sac-bakimi","status":"inherit","type":"attachment","link":"https:\/\/www.9sac.com\/es\/sac-bakimi-ince-telli-yapiya-sahip-saclar\/ince-telli-sac-bakimi\/","title":{"rendered":"\u0130nce Telli Sa\u00e7 Bak\u0131m\u0131"},"author":1,"comment_status":"open","ping_status":"closed","template":"","meta":[],"description":{"rendered":"<p class=\"attachment\"><a href='https:\/\/www.9sac.com\/wp-content\/uploads\/2016\/06\/ince-telli-sac-bakimi.png'><img decoding=\"async\" width=\"300\" height=\"151\" src=\"https:\/\/www.9sac.com\/wp-content\/uploads\/2016\/06\/ince-telli-sac-bakimi-300x151.png\" class=\"attachment-medium size-medium\" alt=\"\u0130nce Telli Sa\u00e7 Bak\u0131m\u0131\" srcset=\"https:\/\/www.9sac.com\/wp-content\/uploads\/2016\/06\/ince-telli-sac-bakimi-300x151.png 300w, https:\/\/www.9sac.com\/wp-content\/uploads\/2016\/06\/ince-telli-sac-bakimi.png 470w\" sizes=\"(max-width: 300px) 100vw, 300px\" \/><\/a><\/p>\n<p>E\u011fer sa\u00e7lar\u0131n\u0131z ince bir yap\u0131ya sahipse ve sizlerde bu durumdan \u015fikayet\u00e7i iseniz sa\u00e7lar\u0131n\u0131z\u0131 daha hacimli ve dolgun g\u00f6sterecek sa\u00e7 stillerine y\u00f6nelerek daha \u015f\u0131k bir g\u00f6r\u00fcn\u00fcme sahip olabilirsiniz. Kad\u0131nlar\u0131n sa\u00e7lar\u0131n\u0131 daha dolgun ve hacimli g\u00f6stermek i\u00e7in bob sa\u00e7 modeli k\u0131sa sa\u00e7 stilleri aras\u0131nda en ideal se\u00e7enekler aras\u0131nda yer almaktad\u0131r. E\u011fer uzun sa\u00e7lar\u0131n\u0131z varsa dalgal\u0131 sa\u00e7 modellerine y\u00f6nelebilirsiniz.<\/p>\n"},"caption":{"rendered":"<p>E\u011fer sa\u00e7lar\u0131n\u0131z ince bir yap\u0131ya sahipse ve sizlerde bu durumdan \u015fikayet\u00e7i iseniz sa\u00e7lar\u0131n\u0131z\u0131 daha hacimli ve dolgun g\u00f6sterecek sa\u00e7 stillerine y\u00f6nelerek daha \u015f\u0131k bir g\u00f6r\u00fcn\u00fcme sahip olabilirsiniz. Kad\u0131nlar\u0131n sa\u00e7lar\u0131n\u0131 daha dolgun ve hacimli g\u00f6stermek i\u00e7in bob sa\u00e7 modeli k\u0131sa sa\u00e7 stilleri aras\u0131nda en ideal se\u00e7enekler aras\u0131nda yer almaktad\u0131r. E\u011fer uzun sa\u00e7lar\u0131n\u0131z varsa dalgal\u0131 sa\u00e7 modellerine y\u00f6nelebilirsiniz.<\/p>\n"},"alt_text":"\u0130nce Telli Sa\u00e7 Bak\u0131m\u0131","media_type":"image","mime_type":"image\/png","media_details":{"width":470,"height":237,"file":"2016\/06\/ince-telli-sac-bakimi.png","sizes":{"thumbnail":{"file":"ince-telli-sac-bakimi-150x150.png","width":150,"height":150,"filesize":41631,"mime_type":"image\/png","source_url":"https:\/\/www.9sac.com\/wp-content\/uploads\/2016\/06\/ince-telli-sac-bakimi-150x150.png"},"medium":{"file":"ince-telli-sac-bakimi-300x151.png","width":300,"height":151,"filesize":74541,"mime_type":"image\/png","source_url":"https:\/\/www.9sac.com\/wp-content\/uploads\/2016\/06\/ince-telli-sac-bakimi-300x151.png"},"full":{"file":"ince-telli-sac-bakimi.png","width":470,"height":237,"mime_type":"image\/png","source_url":"https:\/\/www.9sac.com\/wp-content\/uploads\/2016\/06\/ince-telli-sac-bakimi.png"}},"image_meta":{"aperture":"0","credit":"","camera":"","caption":"","created_timestamp":"0","copyright":"","focal_length":"0","iso":"0","shutter_speed":"0","title":"","orientation":"0","keywords":[]},"filesize":251175},"post":1056,"source_url":"https:\/\/www.9sac.com\/wp-content\/uploads\/2016\/06\/ince-telli-sac-bakimi.png","_links":{"self":[{"href":"https:\/\/www.9sac.com\/es\/wp-json\/wp\/v2\/media\/1058"}],"collection":[{"href":"https:\/\/www.9sac.com\/es\/wp-json\/wp\/v2\/media"}],"about":[{"href":"https:\/\/www.9sac.com\/es\/wp-json\/wp\/v2\/types\/attachment"}],"author":[{"embeddable":true,"href":"https:\/\/www.9sac.com\/es\/wp-json\/wp\/v2\/users\/1"}],"replies":[{"embeddable":true,"href":"https:\/\/www.9sac.com\/es\/wp-json\/wp\/v2\/comments?post=1058"}]}}