{"id":1820,"date":"2016-08-25T01:58:32","date_gmt":"2016-08-24T22:58:32","guid":{"rendered":"http:\/\/www.9sac.com\/wp-content\/uploads\/2016\/08\/kahve-goz-beyaz-tene-gore-sac-rengi-bal-kopugu-4.jpg"},"modified":"2016-08-28T02:12:33","modified_gmt":"2016-08-27T23:12:33","slug":"kahve-goz-beyaz-tene-gore-sac-rengi-bal-kopugu-4","status":"inherit","type":"attachment","link":"https:\/\/www.9sac.com\/es\/bal-kopugu-sac-rengi-kahverengi-goz-rengine-sahip-ve-beyaz-tenli-kadinlara-yakisir-mi\/kahve-goz-beyaz-tene-gore-sac-rengi-bal-kopugu-4\/","title":{"rendered":"Kahve G\u00f6z Beyaz Tene G\u00f6re Sa\u00e7 Rengi Bal K\u00f6p\u00fc\u011f\u00fc"},"author":1,"comment_status":"open","ping_status":"closed","template":"","meta":[],"description":{"rendered":"<p class=\"attachment\"><a href='https:\/\/www.9sac.com\/wp-content\/uploads\/2016\/08\/kahve-goz-beyaz-tene-gore-sac-rengi-bal-kopugu-4.jpg'><img decoding=\"async\" width=\"300\" height=\"194\" src=\"https:\/\/www.9sac.com\/wp-content\/uploads\/2016\/08\/kahve-goz-beyaz-tene-gore-sac-rengi-bal-kopugu-4-300x194.jpg\" class=\"attachment-medium size-medium\" alt=\"Kahve G\u00f6z Beyaz Tene G\u00f6re Sa\u00e7 Rengi Bal K\u00f6p\u00fc\u011f\u00fc\" srcset=\"https:\/\/www.9sac.com\/wp-content\/uploads\/2016\/08\/kahve-goz-beyaz-tene-gore-sac-rengi-bal-kopugu-4-300x194.jpg 300w, https:\/\/www.9sac.com\/wp-content\/uploads\/2016\/08\/kahve-goz-beyaz-tene-gore-sac-rengi-bal-kopugu-4.jpg 640w\" sizes=\"(max-width: 300px) 100vw, 300px\" \/><\/a><\/p>\n<p>Kahve G\u00f6z Beyaz Tene G\u00f6re Sa\u00e7 Rengi Bal K\u00f6p\u00fc\u011f\u00fc; Fakat esmerlere \u00f6zellikle tavsiye edilen bu sa\u00e7renginin ak\u0131llara beyaz tenli han\u0131mlara yak\u0131\u015fmayaca\u011f\u0131 anlam\u0131na kesinlikle gelmemelidir. Bir ba\u015fka \u00f6rnek daha vermek gerekirse bak\u0131r kahverengi sa\u00e7 rengi esmer han\u0131mlara \u00e7ok g\u00fczel yak\u0131\u015f\u0131yor fakat beyaz tene sahip kad\u0131nlarada neredeyse bak\u0131r kahvenin t\u00fcm tonlar\u0131 s\u00fcper yak\u0131\u015f\u0131r.<\/p>\n"},"caption":{"rendered":"<p>Kahve G\u00f6z Beyaz Tene G\u00f6re Sa\u00e7 Rengi Bal K\u00f6p\u00fc\u011f\u00fc; Fakat esmerlere \u00f6zellikle tavsiye edilen bu sa\u00e7renginin ak\u0131llara beyaz tenli han\u0131mlara yak\u0131\u015fmayaca\u011f\u0131 anlam\u0131na kesinlikle gelmemelidir. Bir ba\u015fka \u00f6rnek daha vermek gerekirse bak\u0131r kahverengi sa\u00e7 rengi esmer han\u0131mlara \u00e7ok g\u00fczel yak\u0131\u015f\u0131yor fakat beyaz tene sahip kad\u0131nlarada neredeyse bak\u0131r kahvenin t\u00fcm tonlar\u0131 s\u00fcper yak\u0131\u015f\u0131r.<\/p>\n"},"alt_text":"Kahve G\u00f6z Beyaz Tene G\u00f6re Sa\u00e7 Rengi Bal K\u00f6p\u00fc\u011f\u00fc","media_type":"image","mime_type":"image\/jpeg","media_details":{"width":640,"height":413,"file":"2016\/08\/kahve-goz-beyaz-tene-gore-sac-rengi-bal-kopugu-4.jpg","sizes":{"thumbnail":{"file":"kahve-goz-beyaz-tene-gore-sac-rengi-bal-kopugu-4-150x150.jpg","width":150,"height":150,"filesize":5229,"mime_type":"image\/jpeg","source_url":"https:\/\/www.9sac.com\/wp-content\/uploads\/2016\/08\/kahve-goz-beyaz-tene-gore-sac-rengi-bal-kopugu-4-150x150.jpg"},"medium":{"file":"kahve-goz-beyaz-tene-gore-sac-rengi-bal-kopugu-4-300x194.jpg","width":300,"height":194,"filesize":7948,"mime_type":"image\/jpeg","source_url":"https:\/\/www.9sac.com\/wp-content\/uploads\/2016\/08\/kahve-goz-beyaz-tene-gore-sac-rengi-bal-kopugu-4-300x194.jpg"},"full":{"file":"kahve-goz-beyaz-tene-gore-sac-rengi-bal-kopugu-4.jpg","width":640,"height":413,"mime_type":"image\/jpeg","source_url":"https:\/\/www.9sac.com\/wp-content\/uploads\/2016\/08\/kahve-goz-beyaz-tene-gore-sac-rengi-bal-kopugu-4.jpg"}},"image_meta":{"aperture":"0","credit":"","camera":"","caption":"","created_timestamp":"0","copyright":"","focal_length":"0","iso":"0","shutter_speed":"0","title":"","orientation":"0","keywords":[]},"filesize":31093},"post":1802,"source_url":"https:\/\/www.9sac.com\/wp-content\/uploads\/2016\/08\/kahve-goz-beyaz-tene-gore-sac-rengi-bal-kopugu-4.jpg","_links":{"self":[{"href":"https:\/\/www.9sac.com\/es\/wp-json\/wp\/v2\/media\/1820"}],"collection":[{"href":"https:\/\/www.9sac.com\/es\/wp-json\/wp\/v2\/media"}],"about":[{"href":"https:\/\/www.9sac.com\/es\/wp-json\/wp\/v2\/types\/attachment"}],"author":[{"embeddable":true,"href":"https:\/\/www.9sac.com\/es\/wp-json\/wp\/v2\/users\/1"}],"replies":[{"embeddable":true,"href":"https:\/\/www.9sac.com\/es\/wp-json\/wp\/v2\/comments?post=1820"}]}}