{"id":2264,"date":"2016-09-14T00:41:47","date_gmt":"2016-09-13T21:41:47","guid":{"rendered":"http:\/\/www.9sac.com\/wp-content\/uploads\/2016\/09\/bebek-sarisi-sac.jpg"},"modified":"2016-09-14T00:44:46","modified_gmt":"2016-09-13T21:44:46","slug":"bebek-sarisi-sac","status":"inherit","type":"attachment","link":"https:\/\/www.9sac.com\/es\/bebek-sarisi-sac-rengi-ve-makyaj-uygulamasi\/bebek-sarisi-sac\/","title":{"rendered":"Bebek Sar\u0131s\u0131 Sa\u00e7"},"author":1,"comment_status":"open","ping_status":"closed","template":"","meta":[],"description":{"rendered":"<p class=\"attachment\"><a href='https:\/\/www.9sac.com\/wp-content\/uploads\/2016\/09\/bebek-sarisi-sac.jpg'><img decoding=\"async\" width=\"270\" height=\"300\" src=\"https:\/\/www.9sac.com\/wp-content\/uploads\/2016\/09\/bebek-sarisi-sac-270x300.jpg\" class=\"attachment-medium size-medium\" alt=\"Bebek Sar\u0131s\u0131 Sa\u00e7\" srcset=\"https:\/\/www.9sac.com\/wp-content\/uploads\/2016\/09\/bebek-sarisi-sac-270x300.jpg 270w, https:\/\/www.9sac.com\/wp-content\/uploads\/2016\/09\/bebek-sarisi-sac.jpg 409w\" sizes=\"(max-width: 270px) 100vw, 270px\" \/><\/a><\/p>\n<p>Tabi ki teninizde bunda \u00f6nemli rol oynar. E\u011fer ki sa\u00e7 renginiz teninize uygun bir renkte de\u011filse sizi asla g\u00f6stermez. O y\u00fczden beyaz tene sahipseniz kesinlikle bebek sar\u0131s\u0131 sa\u00e7 rengini tercih etmelisiniz. Tabiki bronz olan bayanlarda da \u015f\u0131k durdu\u011fu a\u015fikar. Bir\u00e7ok ki\u015finin tercih etti\u011fi bebek sar\u0131s\u0131 sa\u00e7 rengini \u00fcnl\u00fcler aras\u0131nda yayg\u0131n. Onlarda bebek sar\u0131s\u0131 sa\u00e7 rengini tercih edenlerden.<\/p>\n"},"caption":{"rendered":"<p>Tabi ki teninizde bunda \u00f6nemli rol oynar. E\u011fer ki sa\u00e7 renginiz teninize uygun bir renkte de\u011filse sizi asla g\u00f6stermez. O y\u00fczden beyaz tene sahipseniz kesinlikle bebek sar\u0131s\u0131 sa\u00e7 rengini tercih etmelisiniz. Tabiki bronz olan bayanlarda da \u015f\u0131k durdu\u011fu a\u015fikar. Bir\u00e7ok ki\u015finin tercih etti\u011fi bebek sar\u0131s\u0131 sa\u00e7 rengini \u00fcnl\u00fcler aras\u0131nda yayg\u0131n. Onlarda bebek sar\u0131s\u0131 sa\u00e7 rengini tercih edenlerden.<\/p>\n"},"alt_text":"Bebek Sar\u0131s\u0131 Sa\u00e7","media_type":"image","mime_type":"image\/jpeg","media_details":{"width":409,"height":454,"file":"2016\/09\/bebek-sarisi-sac.jpg","sizes":{"thumbnail":{"file":"bebek-sarisi-sac-150x150.jpg","width":150,"height":150,"filesize":5840,"mime_type":"image\/jpeg","source_url":"https:\/\/www.9sac.com\/wp-content\/uploads\/2016\/09\/bebek-sarisi-sac-150x150.jpg"},"medium":{"file":"bebek-sarisi-sac-270x300.jpg","width":270,"height":300,"filesize":14868,"mime_type":"image\/jpeg","source_url":"https:\/\/www.9sac.com\/wp-content\/uploads\/2016\/09\/bebek-sarisi-sac-270x300.jpg"},"full":{"file":"bebek-sarisi-sac.jpg","width":409,"height":454,"mime_type":"image\/jpeg","source_url":"https:\/\/www.9sac.com\/wp-content\/uploads\/2016\/09\/bebek-sarisi-sac.jpg"}},"image_meta":{"aperture":"0","credit":"","camera":"","caption":"","created_timestamp":"0","copyright":"","focal_length":"0","iso":"0","shutter_speed":"0","title":"","orientation":"0","keywords":[]},"filesize":35095},"post":2260,"source_url":"https:\/\/www.9sac.com\/wp-content\/uploads\/2016\/09\/bebek-sarisi-sac.jpg","_links":{"self":[{"href":"https:\/\/www.9sac.com\/es\/wp-json\/wp\/v2\/media\/2264"}],"collection":[{"href":"https:\/\/www.9sac.com\/es\/wp-json\/wp\/v2\/media"}],"about":[{"href":"https:\/\/www.9sac.com\/es\/wp-json\/wp\/v2\/types\/attachment"}],"author":[{"embeddable":true,"href":"https:\/\/www.9sac.com\/es\/wp-json\/wp\/v2\/users\/1"}],"replies":[{"embeddable":true,"href":"https:\/\/www.9sac.com\/es\/wp-json\/wp\/v2\/comments?post=2264"}]}}